{"id":2041,"date":"2023-07-27T10:39:11","date_gmt":"2023-07-27T08:39:11","guid":{"rendered":"https:\/\/www.raeumungsteam.de\/?page_id=2041"},"modified":"2023-08-07T17:32:24","modified_gmt":"2023-08-07T15:32:24","slug":"sonderkuendigung-im-todesfall","status":"publish","type":"page","link":"https:\/\/www.raeumungsteam.de\/index.php\/sonderkuendigung-im-todesfall\/","title":{"rendered":"Sonderk\u00fcndigung im Todesfall"},"content":{"rendered":"<div class=\"wpb-content-wrapper\"><p>[vc_section background_position=&#8220;center center&#8220; css=&#8220;.vc_custom_1690725657910{background-image: url(https:\/\/www.raeumungsteam.de\/wp-content\/uploads\/2023\/07\/Sonderkuendigung-Banner.jpg?id=2053) !important;background-position: center !important;background-repeat: no-repeat !important;background-size: cover !important;}&#8220; el_name=&#8220;Page Title&#8220;][vc_row][vc_column]<div class=\"wpb_content_element \"><style type=\"text\/css\">#ut_header_69f3217f5ab8f h1.page-title, #ut_header_69f3217f5ab8f h1.page-title span { color:#ffffff; }#ut_header_69f3217f5ab8f h1.page-title { font-size:60px !important;line-height:125% !important;letter-spacing:-0.03em; }#ut_header_69f3217f5ab8f.page-title-module .lead { color:#ffffff; }#ut_header_69f3217f5ab8f.page-title-module .lead p { color:#ffffff; }#ut_header_69f3217f5ab8f .page-title ins { color:#ffffff; }<\/style><header id=\"ut_header_69f3217f5ab8f\" class=\"page-header page-title-module  ut-no-title-linebreak-mobile ut-no-lead-linebreak-mobile pt-style-7 header-left header-tablet-left header-mobile-center element-with-custom-line-height\"><div class=\"element-with-custom-line-height\" ><h1 data-title=\"Sonderk\u00fcndigung im Todesfall\"  data-responsive-font=\"page_title\" data-responsive-font-settings=\"{&quot;base-font-size&quot;:&quot;global&quot;,&quot;font-size&quot;:{&quot;desktop_large&quot;:&quot;60&quot;},&quot;base-line-height&quot;:&quot;global&quot;,&quot;line-height&quot;:{&quot;desktop_large&quot;:&quot;125&quot;},&quot;base-letter-spacing&quot;:&quot;global&quot;,&quot;letter-spacing&quot;:{&quot;desktop_large&quot;:&quot;-0.03&quot;}}\" class=\"page-title  \"><span>Sonderk\u00fcndigung im Todesfall<\/span><\/h1><\/div><div data-delay=\"0\" class=\"lead \"><div \r\n                class=\"elfsight-widget-whatsapp-chat elfsight-widget\" \r\n                data-elfsight-whatsapp-chat-options=\"%7B%22facebookSubgoup%22%3Anull%2C%22whatsappSubgoup%22%3Anull%2C%22telegramSubgoup%22%3Anull%2C%22viberSubgoup%22%3Anull%2C%22rumbletalkSubgoup%22%3Anull%2C%22divider-1%22%3Anull%2C%22userAccessToken%22%3Anull%2C%22page%22%3Anull%2C%22phone%22%3A%22%2B4915785150429%22%2C%22link%22%3Anull%2C%22userAccessTokenBubbleSubgroup%22%3Anull%2C%22bubbleIcon%22%3A%22whatsapp-chat%22%2C%22bubbleText%22%3A%22WhatsApp%20Kontakt%22%2C%22picture%22%3A%22custom%22%2C%22pictureLibrary%22%3A%7B%22photo%22%3A%22https%3A%5C%2F%5C%2Fpbs.twimg.com%5C%2Fprofile_images%5C%2F951055655594545153%5C%2FF6eybr-i.jpg%22%7D%2C%22pictureCustom%22%3A%22https%3A%5C%2F%5C%2Fwww.raeumungsteam.de%5C%2Fwp-content%5C%2Fuploads%5C%2F2022%5C%2F03%5C%2Flogo-400px.jpg%22%2C%22name%22%3A%22Das%20R%5Cu00e4umungsteam%22%2C%22nameCaptionType%22%3A%22custom%22%2C%22nameCaptionReplyTime%22%3A%22Typically%20replies%20within%20a%20day%22%2C%22nameCaptionCustom%22%3A%22Antwortet%20innerhalb%20weniger%20Stunden%22%2C%22welcomeMessage%22%3A%22Hallo%20%5Cud83d%5Cudc4b%3Cdiv%3EWie%20kann%20ich%20Ihnen%20helfen%3F%3C%5C%2Fdiv%3E%22%2C%22buttonText%22%3A%22Beginne%20Chat%22%2C%22buttonIconVisible%22%3Atrue%2C%22position%22%3A%22floating%22%2C%22align%22%3A%22right%22%2C%22whereToDisplayChat%22%3A%22allPages%22%2C%22excludedPages%22%3A%5B%5D%2C%22specificPages%22%3A%5B%5D%2C%22devicesToDisplay%22%3A%5B%22mobile%22%2C%22desktop%22%5D%2C%22showChatTo%22%3A%22allVisitors%22%2C%22displayDays%22%3A%5B0%2C1%2C2%2C3%2C4%2C5%2C6%5D%2C%22timeSchedule%22%3Afalse%2C%22displayStartTime%22%3A%2200%3A00%22%2C%22displayEndTime%22%3A%2200%3A00%22%2C%22timeZone%22%3A0%2C%22timeOnPage%22%3A0%2C%22timeOnSite%22%3A0%2C%22scrollPosition%22%3A0%2C%22exiIntent%22%3Afalse%2C%22notifications%22%3A%5B%22bubbleBadge%22%2C%22tabTitle%22%5D%2C%22headerBackgroundColor%22%3A%22rgb%289%2C%2094%2C%2084%29%22%2C%22buttonColor%22%3A%22rgb%2879%2C%20206%2C%2093%29%22%2C%22bubbleBackgroundColor%22%3A%22rgb%28255%2C%20255%2C%20255%29%22%2C%22bubbleIconColor%22%3A%22rgb%2879%2C%20206%2C%2093%29%22%2C%22windowBackgroundColor%22%3A%22rgb%28230%2C%20221%2C%20212%29%22%2C%22windowBackgroundPattern%22%3A%22https%3A%5C%2F%5C%2Felfsight.com%5C%2Fassets%5C%2Fchats%5C%2Fpatterns%5C%2Fwhatsapp.png%22%2C%22buttonBorderRadius%22%3A20%2C%22widgetId%22%3A%221%22%7D\" \r\n                data-elfsight-whatsapp-chat-version=\"1.2.0\"\r\n                data-elfsight-widget-id=\"elfsight-whatsapp-chat-1\">\r\n            <\/div>\n<\/div><\/header><\/div>[\/vc_column][\/vc_row][\/vc_section][vc_section background_position=&#8220;center bottom&#8220; css=&#8220;.vc_custom_1623242293146{background: #f0fcfa url(http:\/\/www.rt-test.site\/wp-content\/uploads\/2021\/06\/pricing-bg.jpg?id=906) !important;background-position: center !important;background-repeat: no-repeat !important;background-size: cover !important;}&#8220;][vc_row][vc_column]<style type=\"text\/css\">#ut_custom_heading69f3217f5dba9 { color:#008060; }#ut_custom_heading69f3217f5dba9 { font-size:20px !important;line-height:130% !important; }#ut_custom_heading69f3217f5dba9 { text-align:left; }@media (min-width: 768px) and (max-width: 1024px) { #ut_custom_heading69f3217f5dba9 { text-align:left; } }@media (max-width: 767px) { #ut_custom_heading69f3217f5dba9 { text-align:center; } }<\/style><h3 id=\"ut_custom_heading69f3217f5dba9\" data-responsive-font=\"h3\" data-responsive-font-settings=\"{&quot;base-font-size&quot;:&quot;global&quot;,&quot;font-size&quot;:{&quot;desktop_large&quot;:&quot;20&quot;},&quot;base-line-height&quot;:&quot;global&quot;,&quot;line-height&quot;:{&quot;desktop_large&quot;:&quot;130&quot;},&quot;base-letter-spacing&quot;:&quot;global&quot;}\" class=\"ut-custom-heading-module   vc_custom_1647422101107\" ><span class=\"\" >Das R\u00e4umungsteam<\/span><\/h3><div class=\"wpb_content_element \"><style type=\"text\/css\">#ut_header_69f3217f5df2c h2.section-title { font-size:50px !important;line-height:125% !important;letter-spacing:-0.03em; }<\/style><header id=\"ut_header_69f3217f5df2c\" class=\"section-header  ut-no-title-linebreak-mobile ut-no-lead-linebreak-mobile pt-style-7 header-left header-tablet-left header-mobile-center element-with-custom-line-height\"><div class=\"element-with-custom-line-height\" ><h2 data-title=\"Sonderk\u00fcndigung im Todesfall\"  data-responsive-font=\"section_title\" data-responsive-font-settings=\"{&quot;base-font-size&quot;:&quot;global&quot;,&quot;font-size&quot;:{&quot;desktop_large&quot;:&quot;50&quot;},&quot;base-line-height&quot;:&quot;global&quot;,&quot;line-height&quot;:{&quot;desktop_large&quot;:&quot;125&quot;},&quot;base-letter-spacing&quot;:&quot;global&quot;,&quot;letter-spacing&quot;:{&quot;desktop_large&quot;:&quot;-0.03&quot;}}\" class=\"section-title  \"><span>Sonderk\u00fcndigung im Todesfall<\/span><\/h2><\/div><div data-delay=\"0\" class=\"lead \"><p>Wie k\u00fcndige ich korrekt im Todesfall?<\/p>\n<\/div><\/header><\/div>[vc_empty_space height=&#8220;50px&#8220;][vc_separator border_width=&#8220;2&#8243;][vc_column_text]Der Verlust eines geliebten Menschen ist eine schwere Zeit, die mit zahlreichen Herausforderungen einhergeht. Neben der emotionalen Belastung m\u00fcssen auch praktische Angelegenheiten geregelt werden, wie beispielsweise die Vertr\u00e4ge des Verstorbenen. Ein wichtiger Bereich, der oft \u00fcbersehen wird, wir kl\u00e4ren auf.[\/vc_column_text][\/vc_column][\/vc_row][vc_row content_placement=&#8220;middle&#8220;][vc_column width=&#8220;2\/3&#8243;]<div class=\"wpb_content_element \"><style type=\"text\/css\">#ut_header_69f3217f5e768 h2.section-title { font-size:50px !important;line-height:125% !important;letter-spacing:-0.03em; }<\/style><header id=\"ut_header_69f3217f5e768\" class=\"section-header  ut-no-title-linebreak-mobile ut-no-lead-linebreak-mobile pt-style-7 header-left header-tablet-left header-mobile-center element-with-custom-line-height\"><div class=\"element-with-custom-line-height\" ><h2 data-title=\"Vertr\u00e4ge im Sterbefall\"  data-responsive-font=\"section_title\" data-responsive-font-settings=\"{&quot;base-font-size&quot;:&quot;global&quot;,&quot;font-size&quot;:{&quot;desktop_large&quot;:&quot;50&quot;},&quot;base-line-height&quot;:&quot;global&quot;,&quot;line-height&quot;:{&quot;desktop_large&quot;:&quot;125&quot;},&quot;base-letter-spacing&quot;:&quot;global&quot;,&quot;letter-spacing&quot;:{&quot;desktop_large&quot;:&quot;-0.03&quot;}}\" class=\"section-title  \"><span>Vertr\u00e4ge im Sterbefall<\/span><\/h2><\/div><div data-delay=\"0\" class=\"lead \"><p>Im Todesfall fallen leider auch viele organisatorische Angelegenheiten an. Rund um Bestattung, Trauerfeier und Haushaltsaufl\u00f6sung bleiben oft die vertraglichen Angelegenheiten auf der Strecke. Wir wollen kurz aufzeigen auf welche Vertr\u00e4ge sie achten sollten und wie sie diese am besten aufl\u00f6sen k\u00f6nnen.<\/p>\n<p>Ein konkretes Sonderk\u00fcndigungsrecht r\u00e4umt der Gesetzgeber leider nur beim Mietvertrag ein. Bei anderen Vertragsarten gibt es aber oft Sonderregelungen f\u00fcr einen Todesfall in den AGB. Sollte es diese nicht geben, bleibt immer noch die M\u00f6glichkeit an die Kulanz des Anbieters zu appellieren. Sollten diese beiden Varianten nicht funktionieren bleibt nur die K\u00fcndigung zum regul\u00e4ren Laufzeitende.<\/p>\n<\/div><\/header><\/div>[\/vc_column][vc_column width=&#8220;1\/3&#8243;]<div  class=\"wpb_content_element   clearfix\"><style type=\"text\/css\">#ut_am_69f3217f5edfb { opacity: 1; }#ut_am_wrap_69f3217f5edfc .ut-image-gallery-item-caption-title h3 { letter-spacing: 0em; }#ut_am_wrap_69f3217f5edfc .ut-gallery-slider-caption { font-weight: bold; }#ut_am_wrap_69f3217f5edfc { text-align: left; }@media (min-width: 768px) and (max-width: 1024px) { #ut_am_wrap_69f3217f5edfc { text-align: left !important; } }@media (max-width: 767px) { #ut_am_wrap_69f3217f5edfc { text-align: center !important; } }<\/style><div id=\"ut_am_wrap_69f3217f5edfc\" class=\"ut-image-gallery-image \"><div id=\"ut_reveal_69f3217f5edfd\"  data-appear-top-offset=\"auto\" class=\"ut-animated-image-item ut-image-gallery-item ut-animation-done \"><a class=\"ut-deactivated-link\" href=\"#\"><div class=\"ut-animated-image-zoom\"><img decoding=\"async\" class=\"ut-lazy skip-lazy ut-animated-image \"  id=\"ut_am_69f3217f5edfb\" src=\"data:image\/svg+xml;charset=utf-8,%3Csvg xmlns%3D'http%3A%2F%2Fwww.w3.org%2F2000%2Fsvg' viewBox%3D'0 0 325 217'%2F%3E\" data-src=\"https:\/\/www.raeumungsteam.de\/wp-content\/uploads\/2023\/07\/Sonderkuendigung-1-325x217.jpg\" width=\"325\" height=\"217\" alt=\"The picture is copyrighted material. The user is not entitled to transfer the rights granted to it in whole or in part to third parties, unless it is in the interest of Sven Zitzmann \/ \u00a9 SZ-Designs\n\nThe spread, secondary use, republication, or publishing on facebook etc. without the prior written consent. (Mail:  reinzu@web.de )\n\nIf images \/ image changed portions in an unauthorized form, edited, or used as a mounting for the creation of other copyrighted work may Sven Zitzmann make of his claim and his claim for injunctive relief eliminate use or make claims for compensation.\n\nThe general licensing terms of the license from Fotolia.\n\norigin\nAny publishing of this graphical material requires the source of Sven Zitzmann proof:\n&quot;Fotolia Source: \u00a9 SZ-Designs - Fotolia&quot;\"\/><\/div><\/a><\/div><\/div><\/div>[\/vc_column][\/vc_row][vc_row content_placement=&#8220;middle&#8220;][vc_column width=&#8220;2\/3&#8243;]<div class=\"wpb_content_element \"><style type=\"text\/css\">#ut_header_69f3217f5f19a h2.section-title { font-size:50px !important;line-height:125% !important;letter-spacing:-0.03em; }<\/style><header id=\"ut_header_69f3217f5f19a\" class=\"section-header  ut-no-title-linebreak-mobile ut-no-lead-linebreak-mobile pt-style-7 header-left header-tablet-left header-mobile-center element-with-custom-line-height\"><div class=\"element-with-custom-line-height\" ><h2 data-title=\"Mietvertrag\"  data-responsive-font=\"section_title\" data-responsive-font-settings=\"{&quot;base-font-size&quot;:&quot;global&quot;,&quot;font-size&quot;:{&quot;desktop_large&quot;:&quot;50&quot;},&quot;base-line-height&quot;:&quot;global&quot;,&quot;line-height&quot;:{&quot;desktop_large&quot;:&quot;125&quot;},&quot;base-letter-spacing&quot;:&quot;global&quot;,&quot;letter-spacing&quot;:{&quot;desktop_large&quot;:&quot;-0.03&quot;}}\" class=\"section-title  \"><span>Mietvertrag<\/span><\/h2><\/div><div data-delay=\"0\" class=\"lead \"><p>Wenn der Verstorbene als Hauptmieter in einem Mietverh\u00e4ltnis wohnte, k\u00f6nnen die Erben innerhalb eines Monats vom Sonderk\u00fcndigungsrecht nach \u00a7 580 BGB Gebrauch machen. Die K\u00fcndigung muss immer schriftlich und unter Berufung auf das Sonderk\u00fcndigungsrecht erfolgen. Wir empfehlen eine Versendung via Einschreiben.<\/p>\n<p>Sie sollten also wissen: Das Mietverh\u00e4ltnis geht auf die Erben \u00fcber, wenn nicht gek\u00fcndigt wird.<\/p>\n<p>Leider muss auch bei der Sonderk\u00fcndigung die gesetzliche K\u00fcndigungsfrist von 3 Monaten eingehalten werden. In dieser Zeit m\u00fcssen sich die Erben um die Haushaltsaufl\u00f6sung bzw. Wohnungsaufl\u00f6sung k\u00fcmmern und eventuelle Renovierungsarbeiten durchf\u00fchren lassen.<br \/>\nHier ist das R\u00e4umungsteam ihr zuverl\u00e4ssiger Ansprechpartner.<\/p>\n<p>Eventuell k\u00f6nnen Sie mit einem kulanten Vermieter auch eine fr\u00fchere \u00dcbergabe vereinbaren und weitere Kosten sparen, wenn vorzeitig ein neuer Mieter gefunden werden kann.<\/p>\n<\/div><\/header><\/div>[\/vc_column][vc_column width=&#8220;1\/3&#8243;]<div  class=\"wpb_content_element   clearfix\"><style type=\"text\/css\">#ut_am_69f3217f5f883 { opacity: 1; }#ut_am_wrap_69f3217f5f884 .ut-image-gallery-item-caption-title h3 { letter-spacing: 0em; }#ut_am_wrap_69f3217f5f884 .ut-gallery-slider-caption { font-weight: bold; }#ut_am_wrap_69f3217f5f884 { text-align: left; }@media (min-width: 768px) and (max-width: 1024px) { #ut_am_wrap_69f3217f5f884 { text-align: left !important; } }@media (max-width: 767px) { #ut_am_wrap_69f3217f5f884 { text-align: center !important; } }<\/style><div id=\"ut_am_wrap_69f3217f5f884\" class=\"ut-image-gallery-image \"><div id=\"ut_reveal_69f3217f5f885\"  data-appear-top-offset=\"auto\" class=\"ut-animated-image-item ut-image-gallery-item ut-animation-done \"><a class=\"ut-deactivated-link\" href=\"#\"><div class=\"ut-animated-image-zoom\"><img decoding=\"async\" class=\"ut-lazy skip-lazy ut-animated-image \"  id=\"ut_am_69f3217f5f883\" src=\"data:image\/svg+xml;charset=utf-8,%3Csvg xmlns%3D'http%3A%2F%2Fwww.w3.org%2F2000%2Fsvg' viewBox%3D'0 0 325 217'%2F%3E\" data-src=\"https:\/\/www.raeumungsteam.de\/wp-content\/uploads\/2023\/07\/Sonderkuendigung-5-325x217.jpg\" width=\"325\" height=\"217\" alt=\"\"\/><\/div><\/a><\/div><\/div><\/div>[\/vc_column][\/vc_row][vc_row content_placement=&#8220;middle&#8220;][vc_column width=&#8220;2\/3&#8243;]<div class=\"wpb_content_element \"><style type=\"text\/css\">#ut_header_69f3217f5fc27 h2.section-title { font-size:50px !important;line-height:125% !important;letter-spacing:-0.03em; }<\/style><header id=\"ut_header_69f3217f5fc27\" class=\"section-header  ut-no-title-linebreak-mobile ut-no-lead-linebreak-mobile pt-style-7 header-left header-tablet-left header-mobile-center element-with-custom-line-height\"><div class=\"element-with-custom-line-height\" ><h2 data-title=\"Weitere Vertr\u00e4ge\"  data-responsive-font=\"section_title\" data-responsive-font-settings=\"{&quot;base-font-size&quot;:&quot;global&quot;,&quot;font-size&quot;:{&quot;desktop_large&quot;:&quot;50&quot;},&quot;base-line-height&quot;:&quot;global&quot;,&quot;line-height&quot;:{&quot;desktop_large&quot;:&quot;125&quot;},&quot;base-letter-spacing&quot;:&quot;global&quot;,&quot;letter-spacing&quot;:{&quot;desktop_large&quot;:&quot;-0.03&quot;}}\" class=\"section-title  \"><span>Weitere Vertr\u00e4ge<\/span><\/h2><\/div><div data-delay=\"0\" class=\"lead \"><p>Neben der Mietvertragsk\u00fcndigung sollten sie auch die Versorgungsvertr\u00e4ge k\u00fcndigen, dies betrifft meist Strom, Wasser und Gas. Als n\u00e4chstes sollten sie sich mit den Telefon-, Internet- und Mobilfunkvertr\u00e4gen besch\u00e4ftigen. Danach fehlen noch die Versicherungsvertr\u00e4ge, hier insbesondere Haftpflicht-, Hausrat-, Lebens- und Unfallversicherung. Auch jegliche Art von Abonnements (bspw. Zeitschriftenabo) sollten sie explizit mit angeh\u00e4ngter Sterbeurkunde k\u00fcndigen.<\/p>\n<p>Bei der Krankenversicherung, dem Rentenbezug und der GEZ ist nur eine Abmeldung notwendig, keine K\u00fcndigung.<\/p>\n<p>Beim Bankkonto, einem bestehenden Arbeitsverh\u00e4ltnis oder etwaigen Vereinsmitgliedschaften ist weder K\u00fcndigung noch Abmeldung notwendig. Eine Information der entsprechenden Stellen ist jedoch anzuraten.<\/p>\n<p>Ebenfalls empfehlen wir das Einrichten eines Nachsendeauftrages. Sollten sie Vertr\u00e4ge vergessen haben, erfahren sie das auf diese Weise am schnellsten.<\/p>\n<\/div><\/header><\/div>[\/vc_column][vc_column width=&#8220;1\/3&#8243;]<div  class=\"wpb_content_element   clearfix\"><style type=\"text\/css\">#ut_am_69f3217f60354 { opacity: 1; }#ut_am_wrap_69f3217f60355 .ut-image-gallery-item-caption-title h3 { letter-spacing: 0em; }#ut_am_wrap_69f3217f60355 .ut-gallery-slider-caption { font-weight: bold; }#ut_am_wrap_69f3217f60355 { text-align: left; }@media (min-width: 768px) and (max-width: 1024px) { #ut_am_wrap_69f3217f60355 { text-align: left !important; } }@media (max-width: 767px) { #ut_am_wrap_69f3217f60355 { text-align: center !important; } }<\/style><div id=\"ut_am_wrap_69f3217f60355\" class=\"ut-image-gallery-image \"><div id=\"ut_reveal_69f3217f60356\"  data-appear-top-offset=\"auto\" class=\"ut-animated-image-item ut-image-gallery-item ut-animation-done \"><a class=\"ut-deactivated-link\" href=\"#\"><div class=\"ut-animated-image-zoom\"><img decoding=\"async\" class=\"ut-lazy skip-lazy ut-animated-image \"  id=\"ut_am_69f3217f60354\" src=\"data:image\/svg+xml;charset=utf-8,%3Csvg xmlns%3D'http%3A%2F%2Fwww.w3.org%2F2000%2Fsvg' viewBox%3D'0 0 325 217'%2F%3E\" data-src=\"https:\/\/www.raeumungsteam.de\/wp-content\/uploads\/2023\/07\/Sonderkuendigung-2-325x217.jpg\" width=\"325\" height=\"217\" alt=\"\"\/><\/div><\/a><\/div><\/div><\/div>[\/vc_column][\/vc_row][vc_row content_placement=&#8220;middle&#8220;][vc_column width=&#8220;2\/3&#8243;]<div class=\"wpb_content_element \"><style type=\"text\/css\">#ut_header_69f3217f606ca h2.section-title { font-size:50px !important;line-height:125% !important;letter-spacing:-0.03em; }<\/style><header id=\"ut_header_69f3217f606ca\" class=\"section-header  ut-no-title-linebreak-mobile ut-no-lead-linebreak-mobile pt-style-7 header-left header-tablet-left header-mobile-center element-with-custom-line-height\"><div class=\"element-with-custom-line-height\" ><h2 data-title=\"K\u00fcndigungsschreiben\"  data-responsive-font=\"section_title\" data-responsive-font-settings=\"{&quot;base-font-size&quot;:&quot;global&quot;,&quot;font-size&quot;:{&quot;desktop_large&quot;:&quot;50&quot;},&quot;base-line-height&quot;:&quot;global&quot;,&quot;line-height&quot;:{&quot;desktop_large&quot;:&quot;125&quot;},&quot;base-letter-spacing&quot;:&quot;global&quot;,&quot;letter-spacing&quot;:{&quot;desktop_large&quot;:&quot;-0.03&quot;}}\" class=\"section-title  \"><span>K\u00fcndigungsschreiben<\/span><\/h2><\/div><div data-delay=\"0\" class=\"lead \"><p>Folgendes sollten sie bei Vertragsk\u00fcndigungen im Todesfall beachten. In die Betreffzeile geh\u00f6rt das Wort &#8222;K\u00fcndigung&#8220;, der Name des Verstorbenen und die Vertrags- oder Kundennummer. Im Text sollten sie den Tod des Verstorbenen anzeigen und zum &#8222;n\u00e4chstm\u00f6glichen&#8220; Termin k\u00fcndigen. Au\u00dferdem bitten sie um eine schriftliche K\u00fcndigungsbest\u00e4tigung.<\/p>\n<p>Idealerweise h\u00e4ngen sie Kopien der Sterbeurkunde und ihres Erbscheines an. Unter Umst\u00e4nden kann es sein das sie als Erbe als Rechtsnachfolger in ein Vertragsverh\u00e4ltnis eintreten. Sollte es keine Erben geben \u00fcbernimmt \u00fcbrigens der Staat die K\u00fcndigungen und alles weitere, hier brauchen sie sich um nichts k\u00fcmmern.<\/p>\n<p>Eine Kopie des Schreibens legen sie zu ihren Unterlagen. Ein Versenden per Einschreiben ist kein Muss aber die sicherste Wahl.<\/p>\n<\/div><\/header><\/div>[\/vc_column][vc_column width=&#8220;1\/3&#8243;]<div  class=\"wpb_content_element   clearfix\"><style type=\"text\/css\">#ut_am_69f3217f60d12 { opacity: 1; }#ut_am_wrap_69f3217f60d13 .ut-image-gallery-item-caption-title h3 { letter-spacing: 0em; }#ut_am_wrap_69f3217f60d13 .ut-gallery-slider-caption { font-weight: bold; }#ut_am_wrap_69f3217f60d13 { text-align: left; }@media (min-width: 768px) and (max-width: 1024px) { #ut_am_wrap_69f3217f60d13 { text-align: left !important; } }@media (max-width: 767px) { #ut_am_wrap_69f3217f60d13 { text-align: center !important; } }<\/style><div id=\"ut_am_wrap_69f3217f60d13\" class=\"ut-image-gallery-image \"><div id=\"ut_reveal_69f3217f60d14\"  data-appear-top-offset=\"auto\" class=\"ut-animated-image-item ut-image-gallery-item ut-animation-done \"><a class=\"ut-deactivated-link\" href=\"#\"><div class=\"ut-animated-image-zoom\"><img decoding=\"async\" class=\"ut-lazy skip-lazy ut-animated-image \"  id=\"ut_am_69f3217f60d12\" src=\"data:image\/svg+xml;charset=utf-8,%3Csvg xmlns%3D'http%3A%2F%2Fwww.w3.org%2F2000%2Fsvg' viewBox%3D'0 0 325 217'%2F%3E\" data-src=\"https:\/\/www.raeumungsteam.de\/wp-content\/uploads\/2023\/07\/Sonderkuendigung-4-325x217.jpg\" width=\"325\" height=\"217\" alt=\"Businessman use pen to tick correct sign mark in checkbox for quality document control checklist and business approve project concept.\"\/><\/div><\/a><\/div><\/div><\/div>[\/vc_column][\/vc_row][\/vc_section][vc_section background_position=&#8220;center bottom&#8220; css=&#8220;.vc_custom_1689235652243{background-color: #fbf7ed !important;background-position: center !important;background-repeat: no-repeat !important;background-size: cover !important;}&#8220;][vc_row][vc_column]<style type=\"text\/css\">#ut_simple_time_line_69f3217f60d4a::before { border-color: #ff2323; }#ut_simple_time_line_69f3217f60d4a .ut-simple-time-line-event-marker-small { border-color: #000000; }#ut_simple_time_line_69f3217f60d4a .ut-simple-time-line-event-marker-large { border-color: #ff2323; }#ut_simple_time_line_69f3217f60d4a .ut-simple-time-line-event-title { color: #004c3f; }#ut_simple_time_line_69f3217f60d4a .ut-simple-time-line-event-text { color: #004c3f; }#ut_simple_time_line_69f3217f60d4a .ut-marker-large-animation-1 { border-color: #ff2323; }#ut_simple_time_line_69f3217f60d4a .ut-marker-large-animation-1 { border-style: solid; }#ut_simple_time_line_69f3217f60d4a .ut-marker-large-animation-2 { border-color: #ff2323; }#ut_simple_time_line_69f3217f60d4a .ut-marker-large-animation-2 { border-style: solid; }#ut_simple_time_line_69f3217f60d4a .ut-marker-large-animation-3 { border-color: #ff2323; }#ut_simple_time_line_69f3217f60d4a .ut-marker-large-animation-3 { border-style: solid; }#ut_simple_time_line_69f3217f60d4a .ut-marker-large-animation-4 { border-color: #ff2323; }#ut_simple_time_line_69f3217f60d4a .ut-marker-large-animation-4 { border-style: solid; }<\/style><div id=\"ut_simple_time_line_69f3217f60d4a\" class=\"ut-simple-time-line-wrap\" data-settings=\"{&quot;animate&quot;:true,&quot;delay_animation&quot;:true,&quot;global_delay_animation&quot;:false,&quot;delay_timer&quot;:200,&quot;delay_timer_marker&quot;:100,&quot;animation_style_marker&quot;:&quot;none&quot;,&quot;global_delay_timer&quot;:200}\"><div class=\"ut-simple-time-line  clearfix\"><div class=\"ut-simple-time-line-event\"><div  class=\"ut-simple-time-line-event-marker ut-simple-time-line-event-marker-large \"><div class=\"ut-marker-large-animation-1 ut-marker-animation-on\"><\/div><div class=\"ut-marker-large-animation-2 ut-marker-animation-on\"><\/div><div class=\"ut-marker-large-animation-3 ut-marker-animation-on\"><\/div><div class=\"ut-marker-large-animation-4 ut-marker-animation-on\"><\/div><\/div><div class=\"ut-simple-time-line-event-title\">Um das Konzept der Sonderk\u00fcndigung im Todesfall zu veranschaulichen, betrachten wir ein Praxisbeispiel im Zusammenhang mit einem Mietvertrag.<\/div><\/div><div class=\"ut-simple-time-line-event\"><div  class=\"ut-simple-time-line-event-marker ut-simple-time-line-event-marker-small \"><\/div><div class=\"ut-simple-time-line-event-text\"><p>Herr M\u00fcller war Mieter einer Wohnung und ist pl\u00f6tzlich verstorben. Seine Angeh\u00f6rigen m\u00f6chten den Mietvertrag aufl\u00f6sen, da sie die Wohnung nicht weiter nutzen und zus\u00e4tzliche finanzielle Belastungen vermeiden m\u00f6chten.<\/p><\/div><\/div><div class=\"ut-simple-time-line-event\"><div  class=\"ut-simple-time-line-event-marker ut-simple-time-line-event-marker-small \"><\/div><div class=\"ut-simple-time-line-event-text\"><p>Die Angeh\u00f6rigen sollten zun\u00e4chst den Vermieter \u00fcber den Todesfall informieren. Am besten geschieht dies schriftlich, beispielsweise per Einschreiben, um einen Nachweis \u00fcber die Mitteilung zu haben. In der Mitteilung sollten sie den Tod von Herrn M\u00fcller anzeigen und angeben, dass sie den Mietvertrag aufgrund des Todesfalls vorzeitig beenden m\u00f6chten.<\/p><\/div><\/div><div class=\"ut-simple-time-line-event\"><div  class=\"ut-simple-time-line-event-marker ut-simple-time-line-event-marker-small \"><\/div><div class=\"ut-simple-time-line-event-text\"><p>Je nach den vertraglichen Vereinbarungen sollten die Angeh\u00f6rigen pr\u00fcfen, ob im Mietvertrag eine Regelung zur Sonderk\u00fcndigung im Todesfall enthalten ist oder ob auf die gesetzlichen Bestimmungen verwiesen wird. Die gesetzliche K\u00fcndigungsfrist betr\u00e4gt in der Regel drei Monate zum Monatsende. Es ist ratsam, den Mietvertrag und die entsprechenden Klauseln vorab zu pr\u00fcfen.<\/p><\/div><\/div><div class=\"ut-simple-time-line-event\"><div  class=\"ut-simple-time-line-event-marker ut-simple-time-line-event-marker-small \"><\/div><div class=\"ut-simple-time-line-event-text\"><p>Zus\u00e4tzlich zur K\u00fcndigung sollten die Angeh\u00f6rigen dem Vermieter eine Kopie der Sterbeurkunde von Herrn M\u00fcller zur Verf\u00fcgung stellen. Dies dient dazu, den Vermieter \u00fcber den tats\u00e4chlichen Todesfall zu informieren und sicher zu stellen, dass die Sonderk\u00fcndigung im Todesfall ordnungsgem\u00e4\u00df durchgef\u00fchrt wird.<\/p><\/div><\/div><div class=\"ut-simple-time-line-event\"><div  class=\"ut-simple-time-line-event-marker ut-simple-time-line-event-marker-small \"><\/div><div class=\"ut-simple-time-line-event-text\"><p>Es ist wichtig anzumerken, dass die Angeh\u00f6rigen nicht automatisch von den Mietzahlungen befreit sind, bis die Sonderk\u00fcndigung wirksam wird. Sie m\u00fcssen weiterhin die Miete zahlen, bis entweder die gesetzliche K\u00fcndigungsfrist abgelaufen ist oder der Vermieter einen neuen Mieter findet und somit den Mietvertrag vorzeitig aufl\u00f6st. Es kann hilfreich sein, dies mit dem Vermieter zu besprechen und gegebenenfalls eine einvernehmliche L\u00f6sung zu finden.<\/p><\/div><\/div><div class=\"ut-simple-time-line-event\"><div  class=\"ut-simple-time-line-event-marker ut-simple-time-line-event-marker-small \"><\/div><div class=\"ut-simple-time-line-event-text\"><p>Nach der Best\u00e4tigung durch den Vermieter sollten sie die Bedingungen der Wohnungs\u00fcbergabe absprechen. Welche Renovierungsarbeiten sind bis zum \u00dcbergabetag zu erledigen? Auf unserer Unterseite \"Wohnungs\u00fcbergabe\" finden sie weiterf\u00fchrende Informationen dazu.<\/p><\/div><\/div><\/div><div class=\"clear\"><\/div><\/div>[\/vc_column][\/vc_row][\/vc_section][vc_section bklyn_overlay=&#8220;true&#8220; background_position=&#8220;center center&#8220; css=&#8220;.vc_custom_1623253206297{background-image: url(http:\/\/www.rt-test.site\/wp-content\/uploads\/2021\/04\/khara-woods-GOXZhoqHqac-unsplash.jpg?id=934) !important;background-position: center !important;background-repeat: no-repeat !important;background-size: cover !important;}&#8220; bklyn_overlay_color=&#8220;rgba(0, 76, 63, 0.75)&#8220;][vc_row][vc_column]<style type=\"text\/css\">#ut_custom_heading69f3217f60d9c { color:#ffdd40; }#ut_custom_heading69f3217f60d9c { font-size:20px !important;line-height:130% !important; }#ut_custom_heading69f3217f60d9c { text-align:center; }@media (min-width: 768px) and (max-width: 1024px) { #ut_custom_heading69f3217f60d9c { text-align:center; } }@media (max-width: 767px) { #ut_custom_heading69f3217f60d9c { text-align:center; } }<\/style><h3 id=\"ut_custom_heading69f3217f60d9c\" data-responsive-font=\"h3\" data-responsive-font-settings=\"{&quot;base-font-size&quot;:&quot;global&quot;,&quot;font-size&quot;:{&quot;desktop_large&quot;:&quot;20&quot;},&quot;base-line-height&quot;:&quot;global&quot;,&quot;line-height&quot;:{&quot;desktop_large&quot;:&quot;130&quot;},&quot;base-letter-spacing&quot;:&quot;global&quot;}\" class=\"ut-custom-heading-module   vc_custom_1646909953649\" ><span class=\"\" >Fragen offen?<\/span><\/h3><div class=\"wpb_content_element  vc_custom_1648841743520\"><style type=\"text\/css\">#ut_header_69f3217f6104f h2.section-title, #ut_header_69f3217f6104f h2.section-title span { color:#ffffff; }#ut_header_69f3217f6104f h2.section-title { font-size:50px !important;line-height:125% !important;letter-spacing:-0.03em; }#ut_header_69f3217f6104f .lead { color:#ffffff; }#ut_header_69f3217f6104f .lead p { color:#ffffff; }<\/style><header id=\"ut_header_69f3217f6104f\" class=\"section-header  ut-no-title-linebreak-mobile ut-no-lead-linebreak-mobile pt-style-7 header-center header-tablet-center header-mobile-center element-with-custom-line-height\"><div class=\"element-with-custom-line-height\" ><h2 data-title=\"Lassen Sie uns in Kontakt treten\"  data-responsive-font=\"section_title\" data-responsive-font-settings=\"{&quot;base-font-size&quot;:&quot;global&quot;,&quot;font-size&quot;:{&quot;desktop_large&quot;:&quot;50&quot;},&quot;base-line-height&quot;:&quot;global&quot;,&quot;line-height&quot;:{&quot;desktop_large&quot;:&quot;125&quot;},&quot;base-letter-spacing&quot;:&quot;global&quot;,&quot;letter-spacing&quot;:{&quot;desktop_large&quot;:&quot;-0.03&quot;}}\" class=\"section-title  \"><span>Lassen Sie uns in Kontakt treten<\/span><\/h2><\/div><div data-delay=\"0\" class=\"lead \"><p>Gern beantworten wir Ihre individuelle Anfrage ausf\u00fchrlich und kompetent.<\/p>\n<\/div><\/header><\/div><style type=\"text\/css\">#bklyn_btn_69f3217f615d1 .bklyn-btn { color:#004c3f !important; border-radius:50px !important; background-color:#ffdd40 !important; }#bklyn_btn_69f3217f615d1 .bklyn-btn:hover{ color:#004c3f !important; background-color:#ffd61f !important; }#bklyn_btn_69f3217f615d1 .bklyn-btn:focus{ color:#004c3f !important; background-color:#ffd61f !important; }#bklyn_btn_69f3217f615d1 .bklyn-btn:active { color:#004c3f !important; background-color:#ffd61f !important; }#bklyn_btn_69f3217f615d1 a.bklyn-btn { font-weight:bold !important; }#bklyn_btn_69f3217f615d1.bklyn-btn-header a.bklyn-btn { font-weight:bold !important; }#bklyn_btn_69f3217f615d1.bklyn-btn-header a.bklyn-btn span { font-weight:bold !important; }#bklyn_btn_69f3217f615d1 a.bklyn-btn { font-family:inherit !important; }<\/style><div id=\"bklyn_btn_69f3217f615d1\" class=\"bklyn-btn-holder  bklyn-btn-center bklyn-btn-tablet-center bklyn-btn-mobile-center\"><a title=\"\"   href=\"https:\/\/www.raeumungsteam.de\/index.php\/kontakt\/\" target=\"_blank\" class=\"bklyn-btn  bklyn-btn-normal\" ><span class=\"ut-btn-text\">Kontaktformular<\/span><\/a><\/div>[\/vc_column][\/vc_row][\/vc_section]<\/p>\n<\/div>","protected":false},"excerpt":{"rendered":"<p>[vc_section background_position=&#8220;center center&#8220; css=&#8220;.vc_custom_1690725657910{background-image: url(https:\/\/www.raeumungsteam.de\/wp-content\/uploads\/2023\/07\/Sonderkuendigung-Banner.jpg?id=2053) !important;background-position: center !important;background-repeat: no-repeat !important;background-size: cover !important;}&#8220; el_name=&#8220;Page Title&#8220;][vc_row][vc_column][\/vc_column][\/vc_row][\/vc_section][vc_section background_position=&#8220;center bottom&#8220; css=&#8220;.vc_custom_1623242293146{background: #f0fcfa url(http:\/\/www.rt-test.site\/wp-content\/uploads\/2021\/06\/pricing-bg.jpg?id=906) !important;background-position: center !important;background-repeat: no-repeat !important;background-size: cover !important;}&#8220;][vc_row][vc_column][vc_empty_space height=&#8220;50px&#8220;][vc_separator border_width=&#8220;2&#8243;][vc_column_text]Der Verlust eines geliebten Menschen ist eine schwere Zeit, die mit zahlreichen Herausforderungen einhergeht. Neben der emotionalen Belastung m\u00fcssen auch praktische Angelegenheiten geregelt werden, wie beispielsweise die Vertr\u00e4ge [&hellip;]<\/p>\n","protected":false},"author":1,"featured_media":0,"parent":0,"menu_order":0,"comment_status":"closed","ping_status":"closed","template":"","meta":{"footnotes":""},"class_list":["post-2041","page","type-page","status-publish","hentry"],"yoast_head":"<!-- This site is optimized with the Yoast SEO plugin v27.5 - https:\/\/yoast.com\/product\/yoast-seo-wordpress\/ -->\n<title>Sonderk\u00fcndigung im Todesfall - wie sie richtig k\u00fcndigen \ud83d\udcdd<\/title>\n<meta name=\"description\" content=\"Sonderk\u00fcndigung im Todesfall - Wann greift das Sonderk\u00fcndigungsrecht? Was muss ich \u00fcberhaupt alles k\u00fcndigen? All das erfahren sie hier! \ud83d\udc46\" \/>\n<meta name=\"robots\" content=\"index, follow, max-snippet:-1, max-image-preview:large, max-video-preview:-1\" \/>\n<link rel=\"canonical\" href=\"https:\/\/www.raeumungsteam.de\/index.php\/sonderkuendigung-im-todesfall\/\" \/>\n<meta property=\"og:locale\" content=\"de_DE\" \/>\n<meta property=\"og:type\" content=\"article\" \/>\n<meta property=\"og:title\" content=\"Sonderk\u00fcndigung im Todesfall - wie sie richtig k\u00fcndigen \ud83d\udcdd\" \/>\n<meta property=\"og:description\" content=\"Sonderk\u00fcndigung im Todesfall - Wann greift das Sonderk\u00fcndigungsrecht? Was muss ich \u00fcberhaupt alles k\u00fcndigen? All das erfahren sie hier! \ud83d\udc46\" \/>\n<meta property=\"og:url\" content=\"https:\/\/www.raeumungsteam.de\/index.php\/sonderkuendigung-im-todesfall\/\" \/>\n<meta property=\"og:site_name\" content=\"Das R\u00e4umungsteam - Haushaltsaufl\u00f6sung\" \/>\n<meta property=\"article:modified_time\" content=\"2023-08-07T15:32:24+00:00\" \/>\n<meta name=\"twitter:card\" content=\"summary_large_image\" \/>\n<meta name=\"twitter:label1\" content=\"Gesch\u00e4tzte Lesezeit\" \/>\n\t<meta name=\"twitter:data1\" content=\"6\u00a0Minuten\" \/>\n<script type=\"application\/ld+json\" class=\"yoast-schema-graph\">{\"@context\":\"https:\\\/\\\/schema.org\",\"@graph\":[{\"@type\":\"WebPage\",\"@id\":\"https:\\\/\\\/www.raeumungsteam.de\\\/index.php\\\/sonderkuendigung-im-todesfall\\\/\",\"url\":\"https:\\\/\\\/www.raeumungsteam.de\\\/index.php\\\/sonderkuendigung-im-todesfall\\\/\",\"name\":\"Sonderk\u00fcndigung im Todesfall - wie sie richtig k\u00fcndigen \ud83d\udcdd\",\"isPartOf\":{\"@id\":\"https:\\\/\\\/www.raeumungsteam.de\\\/#website\"},\"datePublished\":\"2023-07-27T08:39:11+00:00\",\"dateModified\":\"2023-08-07T15:32:24+00:00\",\"description\":\"Sonderk\u00fcndigung im Todesfall - Wann greift das Sonderk\u00fcndigungsrecht? Was muss ich \u00fcberhaupt alles k\u00fcndigen? All das erfahren sie hier! \ud83d\udc46\",\"breadcrumb\":{\"@id\":\"https:\\\/\\\/www.raeumungsteam.de\\\/index.php\\\/sonderkuendigung-im-todesfall\\\/#breadcrumb\"},\"inLanguage\":\"de\",\"potentialAction\":[{\"@type\":\"ReadAction\",\"target\":[\"https:\\\/\\\/www.raeumungsteam.de\\\/index.php\\\/sonderkuendigung-im-todesfall\\\/\"]}]},{\"@type\":\"BreadcrumbList\",\"@id\":\"https:\\\/\\\/www.raeumungsteam.de\\\/index.php\\\/sonderkuendigung-im-todesfall\\\/#breadcrumb\",\"itemListElement\":[{\"@type\":\"ListItem\",\"position\":1,\"name\":\"Startseite\",\"item\":\"https:\\\/\\\/www.raeumungsteam.de\\\/\"},{\"@type\":\"ListItem\",\"position\":2,\"name\":\"Sonderk\u00fcndigung im Todesfall\"}]},{\"@type\":\"WebSite\",\"@id\":\"https:\\\/\\\/www.raeumungsteam.de\\\/#website\",\"url\":\"https:\\\/\\\/www.raeumungsteam.de\\\/\",\"name\":\"Das R\u00e4umungsteam - Haushaltsaufl\u00f6sung\",\"description\":\"Haushaltsaufl\u00f6sung &amp; Wohnungsaufl\u00f6sung im Gro\u00dfraum N\u00fcrnberg\",\"publisher\":{\"@id\":\"https:\\\/\\\/www.raeumungsteam.de\\\/#organization\"},\"potentialAction\":[{\"@type\":\"SearchAction\",\"target\":{\"@type\":\"EntryPoint\",\"urlTemplate\":\"https:\\\/\\\/www.raeumungsteam.de\\\/?s={search_term_string}\"},\"query-input\":{\"@type\":\"PropertyValueSpecification\",\"valueRequired\":true,\"valueName\":\"search_term_string\"}}],\"inLanguage\":\"de\"},{\"@type\":\"Organization\",\"@id\":\"https:\\\/\\\/www.raeumungsteam.de\\\/#organization\",\"name\":\"Das R\u00e4umungsteam\",\"url\":\"https:\\\/\\\/www.raeumungsteam.de\\\/\",\"logo\":{\"@type\":\"ImageObject\",\"inLanguage\":\"de\",\"@id\":\"https:\\\/\\\/www.raeumungsteam.de\\\/#\\\/schema\\\/logo\\\/image\\\/\",\"url\":\"https:\\\/\\\/www.raeumungsteam.de\\\/wp-content\\\/uploads\\\/2022\\\/03\\\/logo-400px.jpg\",\"contentUrl\":\"https:\\\/\\\/www.raeumungsteam.de\\\/wp-content\\\/uploads\\\/2022\\\/03\\\/logo-400px.jpg\",\"width\":400,\"height\":249,\"caption\":\"Das R\u00e4umungsteam\"},\"image\":{\"@id\":\"https:\\\/\\\/www.raeumungsteam.de\\\/#\\\/schema\\\/logo\\\/image\\\/\"}}]}<\/script>\n<!-- \/ Yoast SEO plugin. -->","yoast_head_json":{"title":"Sonderk\u00fcndigung im Todesfall - wie sie richtig k\u00fcndigen \ud83d\udcdd","description":"Sonderk\u00fcndigung im Todesfall - Wann greift das Sonderk\u00fcndigungsrecht? Was muss ich \u00fcberhaupt alles k\u00fcndigen? All das erfahren sie hier! \ud83d\udc46","robots":{"index":"index","follow":"follow","max-snippet":"max-snippet:-1","max-image-preview":"max-image-preview:large","max-video-preview":"max-video-preview:-1"},"canonical":"https:\/\/www.raeumungsteam.de\/index.php\/sonderkuendigung-im-todesfall\/","og_locale":"de_DE","og_type":"article","og_title":"Sonderk\u00fcndigung im Todesfall - wie sie richtig k\u00fcndigen \ud83d\udcdd","og_description":"Sonderk\u00fcndigung im Todesfall - Wann greift das Sonderk\u00fcndigungsrecht? Was muss ich \u00fcberhaupt alles k\u00fcndigen? All das erfahren sie hier! \ud83d\udc46","og_url":"https:\/\/www.raeumungsteam.de\/index.php\/sonderkuendigung-im-todesfall\/","og_site_name":"Das R\u00e4umungsteam - Haushaltsaufl\u00f6sung","article_modified_time":"2023-08-07T15:32:24+00:00","twitter_card":"summary_large_image","twitter_misc":{"Gesch\u00e4tzte Lesezeit":"6\u00a0Minuten"},"schema":{"@context":"https:\/\/schema.org","@graph":[{"@type":"WebPage","@id":"https:\/\/www.raeumungsteam.de\/index.php\/sonderkuendigung-im-todesfall\/","url":"https:\/\/www.raeumungsteam.de\/index.php\/sonderkuendigung-im-todesfall\/","name":"Sonderk\u00fcndigung im Todesfall - wie sie richtig k\u00fcndigen \ud83d\udcdd","isPartOf":{"@id":"https:\/\/www.raeumungsteam.de\/#website"},"datePublished":"2023-07-27T08:39:11+00:00","dateModified":"2023-08-07T15:32:24+00:00","description":"Sonderk\u00fcndigung im Todesfall - Wann greift das Sonderk\u00fcndigungsrecht? Was muss ich \u00fcberhaupt alles k\u00fcndigen? All das erfahren sie hier! \ud83d\udc46","breadcrumb":{"@id":"https:\/\/www.raeumungsteam.de\/index.php\/sonderkuendigung-im-todesfall\/#breadcrumb"},"inLanguage":"de","potentialAction":[{"@type":"ReadAction","target":["https:\/\/www.raeumungsteam.de\/index.php\/sonderkuendigung-im-todesfall\/"]}]},{"@type":"BreadcrumbList","@id":"https:\/\/www.raeumungsteam.de\/index.php\/sonderkuendigung-im-todesfall\/#breadcrumb","itemListElement":[{"@type":"ListItem","position":1,"name":"Startseite","item":"https:\/\/www.raeumungsteam.de\/"},{"@type":"ListItem","position":2,"name":"Sonderk\u00fcndigung im Todesfall"}]},{"@type":"WebSite","@id":"https:\/\/www.raeumungsteam.de\/#website","url":"https:\/\/www.raeumungsteam.de\/","name":"Das R\u00e4umungsteam - Haushaltsaufl\u00f6sung","description":"Haushaltsaufl\u00f6sung &amp; Wohnungsaufl\u00f6sung im Gro\u00dfraum N\u00fcrnberg","publisher":{"@id":"https:\/\/www.raeumungsteam.de\/#organization"},"potentialAction":[{"@type":"SearchAction","target":{"@type":"EntryPoint","urlTemplate":"https:\/\/www.raeumungsteam.de\/?s={search_term_string}"},"query-input":{"@type":"PropertyValueSpecification","valueRequired":true,"valueName":"search_term_string"}}],"inLanguage":"de"},{"@type":"Organization","@id":"https:\/\/www.raeumungsteam.de\/#organization","name":"Das R\u00e4umungsteam","url":"https:\/\/www.raeumungsteam.de\/","logo":{"@type":"ImageObject","inLanguage":"de","@id":"https:\/\/www.raeumungsteam.de\/#\/schema\/logo\/image\/","url":"https:\/\/www.raeumungsteam.de\/wp-content\/uploads\/2022\/03\/logo-400px.jpg","contentUrl":"https:\/\/www.raeumungsteam.de\/wp-content\/uploads\/2022\/03\/logo-400px.jpg","width":400,"height":249,"caption":"Das R\u00e4umungsteam"},"image":{"@id":"https:\/\/www.raeumungsteam.de\/#\/schema\/logo\/image\/"}}]}},"_links":{"self":[{"href":"https:\/\/www.raeumungsteam.de\/index.php\/wp-json\/wp\/v2\/pages\/2041","targetHints":{"allow":["GET"]}}],"collection":[{"href":"https:\/\/www.raeumungsteam.de\/index.php\/wp-json\/wp\/v2\/pages"}],"about":[{"href":"https:\/\/www.raeumungsteam.de\/index.php\/wp-json\/wp\/v2\/types\/page"}],"author":[{"embeddable":true,"href":"https:\/\/www.raeumungsteam.de\/index.php\/wp-json\/wp\/v2\/users\/1"}],"replies":[{"embeddable":true,"href":"https:\/\/www.raeumungsteam.de\/index.php\/wp-json\/wp\/v2\/comments?post=2041"}],"version-history":[{"count":17,"href":"https:\/\/www.raeumungsteam.de\/index.php\/wp-json\/wp\/v2\/pages\/2041\/revisions"}],"predecessor-version":[{"id":2139,"href":"https:\/\/www.raeumungsteam.de\/index.php\/wp-json\/wp\/v2\/pages\/2041\/revisions\/2139"}],"wp:attachment":[{"href":"https:\/\/www.raeumungsteam.de\/index.php\/wp-json\/wp\/v2\/media?parent=2041"}],"curies":[{"name":"wp","href":"https:\/\/api.w.org\/{rel}","templated":true}]}}